{"id":27,"date":"2019-08-08T15:34:15","date_gmt":"2019-08-08T13:34:15","guid":{"rendered":"https:\/\/thomas-hazebrouck.com\/?page_id=27"},"modified":"2024-07-27T23:04:28","modified_gmt":"2024-07-27T21:04:28","slug":"photographie-didentite-agree-sur-dijon-metropole","status":"publish","type":"page","link":"https:\/\/thomas-hazebrouck.com\/index.php\/photographie-didentite-agree-sur-dijon-metropole\/","title":{"rendered":"Photographie d&rsquo;identit\u00e9 Agr\u00e9\u00e9 sur Dijon M\u00e9tropole"},"content":{"rendered":"\t\t<div data-elementor-type=\"wp-page\" data-elementor-id=\"27\" class=\"elementor elementor-27\" data-elementor-post-type=\"page\">\n\t\t\t\t\t\t<section class=\"elementor-section elementor-top-section elementor-element elementor-element-2d4ef2b6 elementor-section-boxed elementor-section-height-default elementor-section-height-default\" data-id=\"2d4ef2b6\" data-element_type=\"section\" data-e-type=\"section\" data-settings=\"{&quot;background_background&quot;:&quot;classic&quot;}\">\n\t\t\t\t\t\t\t<div class=\"elementor-background-overlay\"><\/div>\n\t\t\t\t\t\t\t<div class=\"elementor-container elementor-column-gap-default\">\n\t\t\t\t\t<div class=\"elementor-column elementor-col-100 elementor-top-column elementor-element elementor-element-1f8916d4\" data-id=\"1f8916d4\" data-element_type=\"column\" data-e-type=\"column\">\n\t\t\t<div class=\"elementor-widget-wrap elementor-element-populated\">\n\t\t\t\t\t\t<div class=\"elementor-element elementor-element-4c7c6c4c elementor-widget elementor-widget-heading\" data-id=\"4c7c6c4c\" data-element_type=\"widget\" data-e-type=\"widget\" data-widget_type=\"heading.default\">\n\t\t\t\t<div class=\"elementor-widget-container\">\n\t\t\t\t\t<h2 class=\"elementor-heading-title elementor-size-default\">Photo Identit\u00e9 Dijon passeports, permis, carte identit\u00e9, cartes pro<\/h2>\t\t\t\t<\/div>\n\t\t\t\t<\/div>\n\t\t\t\t<div class=\"elementor-element elementor-element-470420fa elementor-widget elementor-widget-heading\" data-id=\"470420fa\" data-element_type=\"widget\" data-e-type=\"widget\" data-widget_type=\"heading.default\">\n\t\t\t\t<div class=\"elementor-widget-container\">\n\t\t\t\t\t<h6 class=\"elementor-heading-title elementor-size-default\">Photographe Dijon, studio photo Dijon agr\u00e9\u00e9 ANTS<\/h6>\t\t\t\t<\/div>\n\t\t\t\t<\/div>\n\t\t\t\t\t<\/div>\n\t\t<\/div>\n\t\t\t\t\t<\/div>\n\t\t<\/section>\n\t\t\t\t<section class=\"elementor-section elementor-top-section elementor-element elementor-element-88e05e5 elementor-section-boxed elementor-section-height-default elementor-section-height-default\" data-id=\"88e05e5\" data-element_type=\"section\" data-e-type=\"section\" data-settings=\"{&quot;background_background&quot;:&quot;classic&quot;}\">\n\t\t\t\t\t\t<div class=\"elementor-container elementor-column-gap-default\">\n\t\t\t\t\t<div class=\"elementor-column elementor-col-66 elementor-top-column elementor-element elementor-element-a96f6d3\" data-id=\"a96f6d3\" data-element_type=\"column\" data-e-type=\"column\">\n\t\t\t<div class=\"elementor-widget-wrap elementor-element-populated\">\n\t\t\t\t\t\t<div class=\"elementor-element elementor-element-8382d84 elementor-widget elementor-widget-html\" data-id=\"8382d84\" data-element_type=\"widget\" data-e-type=\"widget\" data-widget_type=\"html.default\">\n\t\t\t\t<div class=\"elementor-widget-container\">\n\t\t\t\t\t<button class=\"timify-button\"\n\tdata-account-id=\"62e39ec9e2ba107a6d6b42fe\"\n\tdata-overlay-color=\"#000000\"\n\tdata-overlay-opacity=\"0.8\"\n\tdata-service-id=\"62e39f5560b765e1e6b59657\"\n\tdata-resource-id=\"62e39ecae2ba107a6d6b4313\"\n\tdata-show-guest-booking-form=\"true\">Prendre rendez-vous en cliquant ici ou au 03 80 38 22 24<\/button>\t\t\t\t<\/div>\n\t\t\t\t<\/div>\n\t\t\t\t<div class=\"elementor-element elementor-element-b269bdf elementor-widget elementor-widget-heading\" data-id=\"b269bdf\" data-element_type=\"widget\" data-e-type=\"widget\" data-widget_type=\"heading.default\">\n\t\t\t\t<div class=\"elementor-widget-container\">\n\t\t\t\t\t<h3 class=\"elementor-heading-title elementor-size-default\">01. Photographe identit\u00e9 Dijon<\/h3>\t\t\t\t<\/div>\n\t\t\t\t<\/div>\n\t\t\t\t<div class=\"elementor-element elementor-element-e8fa8fc elementor-widget elementor-widget-heading\" data-id=\"e8fa8fc\" data-element_type=\"widget\" data-e-type=\"widget\" data-widget_type=\"heading.default\">\n\t\t\t\t<div class=\"elementor-widget-container\">\n\t\t\t\t\t<h6 class=\"elementor-heading-title elementor-size-default\">Nous sommes homologu\u00e9s pour la photo d'identit\u00e9 pour les papiers officiels : passeports, cartes d'identit\u00e9, carte vitale, cartes d'invalidit\u00e9, cartes professionnelles.<\/h6>\t\t\t\t<\/div>\n\t\t\t\t<\/div>\n\t\t\t\t<div class=\"elementor-element elementor-element-3002eaf elementor-widget__width-initial elementor-absolute elementor-widget-divider--view-line elementor-widget elementor-widget-divider\" data-id=\"3002eaf\" data-element_type=\"widget\" data-e-type=\"widget\" data-settings=\"{&quot;_position&quot;:&quot;absolute&quot;}\" data-widget_type=\"divider.default\">\n\t\t\t\t<div class=\"elementor-widget-container\">\n\t\t\t\t\t\t\t<div class=\"elementor-divider\">\n\t\t\t<span class=\"elementor-divider-separator\">\n\t\t\t\t\t\t<\/span>\n\t\t<\/div>\n\t\t\t\t\t\t<\/div>\n\t\t\t\t<\/div>\n\t\t\t\t<div class=\"elementor-element elementor-element-d8e88f4 elementor-widget__width-initial elementor-absolute elementor-widget-divider--view-line elementor-widget elementor-widget-divider\" data-id=\"d8e88f4\" data-element_type=\"widget\" data-e-type=\"widget\" data-settings=\"{&quot;_position&quot;:&quot;absolute&quot;}\" data-widget_type=\"divider.default\">\n\t\t\t\t<div class=\"elementor-widget-container\">\n\t\t\t\t\t\t\t<div class=\"elementor-divider\">\n\t\t\t<span class=\"elementor-divider-separator\">\n\t\t\t\t\t\t<\/span>\n\t\t<\/div>\n\t\t\t\t\t\t<\/div>\n\t\t\t\t<\/div>\n\t\t\t\t<div class=\"elementor-element elementor-element-2e7d0ba elementor-widget elementor-widget-heading\" data-id=\"2e7d0ba\" data-element_type=\"widget\" data-e-type=\"widget\" data-widget_type=\"heading.default\">\n\t\t\t\t<div class=\"elementor-widget-container\">\n\t\t\t\t\t<h5 class=\"elementor-heading-title elementor-size-default\">Agr\u00e9\u00e9 , ANTS, photo num\u00e9rique avec signature<\/h5>\t\t\t\t<\/div>\n\t\t\t\t<\/div>\n\t\t\t\t<div class=\"elementor-element elementor-element-f9470fb elementor-widget elementor-widget-text-editor\" data-id=\"f9470fb\" data-element_type=\"widget\" data-e-type=\"widget\" data-widget_type=\"text-editor.default\">\n\t\t\t\t<div class=\"elementor-widget-container\">\n\t\t\t\t\t\t\t\t\t<p>Nous r\u00e9alisons aussi la photo d&rsquo;identit\u00e9 ANTS num\u00e9rique avec signature pour les permis de conduire, conduite accompagn\u00e9e, renouvellement de permis.<\/p>\t\t\t\t\t\t\t\t<\/div>\n\t\t\t\t<\/div>\n\t\t\t\t<div class=\"elementor-element elementor-element-fcda4d2 elementor-widget elementor-widget-heading\" data-id=\"fcda4d2\" data-element_type=\"widget\" data-e-type=\"widget\" data-widget_type=\"heading.default\">\n\t\t\t\t<div class=\"elementor-widget-container\">\n\t\t\t\t\t<h5 class=\"elementor-heading-title elementor-size-default\">Studio photographique accessible aux grands et petits<\/h5>\t\t\t\t<\/div>\n\t\t\t\t<\/div>\n\t\t\t\t<div class=\"elementor-element elementor-element-2bd78e0 elementor-widget elementor-widget-text-editor\" data-id=\"2bd78e0\" data-element_type=\"widget\" data-e-type=\"widget\" data-widget_type=\"text-editor.default\">\n\t\t\t\t<div class=\"elementor-widget-container\">\n\t\t\t\t\t\t\t\t\t<p>Nous sommes sp\u00e9cialis\u00e9 dans la photo d&rsquo;identit\u00e9 pour enfants, b\u00e9b\u00e9 et nourrissons, personnes \u00e2g\u00e9es. Nos locaux sont de plein pied et accessible avec une poussette, ou un fauteuil.<\/p>\t\t\t\t\t\t\t\t<\/div>\n\t\t\t\t<\/div>\n\t\t\t\t<div class=\"elementor-element elementor-element-6dddc0e elementor-widget elementor-widget-heading\" data-id=\"6dddc0e\" data-element_type=\"widget\" data-e-type=\"widget\" data-widget_type=\"heading.default\">\n\t\t\t\t<div class=\"elementor-widget-container\">\n\t\t\t\t\t<h5 class=\"elementor-heading-title elementor-size-default\">Parking gratuit, tram, \u00e0 pied et \u00e0 v\u00e9lo<\/h5>\t\t\t\t<\/div>\n\t\t\t\t<\/div>\n\t\t\t\t<div class=\"elementor-element elementor-element-4b0606d elementor-widget elementor-widget-text-editor\" data-id=\"4b0606d\" data-element_type=\"widget\" data-e-type=\"widget\" data-widget_type=\"text-editor.default\">\n\t\t\t\t<div class=\"elementor-widget-container\">\n\t\t\t\t\t\t\t\t\t<p>Le studio photo situ\u00e9 \u00e0 DIJON-AHUY pr\u00e8s du parc Valmy, \u00e0 c\u00f4t\u00e9 du Klub, du Garage Renault Toison d&rsquo;Or, et de Grand Frais. Pour venir, vous pouvez prendre le TRAM ligne T2 arr\u00eat Europe, la voiture nous avons un parking privatif GRATUIT, le v\u00e9lo ou \u00e0 pied.<\/p><p>Studio photo professionnel bien encr\u00e9<br \/>12 rue des grandes varennes 21121 AHUY &#8211; Dijon M\u00e9tropole<br \/>sur \u00a0rendez-vous 03 80 38 22 24<\/p>\t\t\t\t\t\t\t\t<\/div>\n\t\t\t\t<\/div>\n\t\t\t\t<div class=\"elementor-element elementor-element-9a0fc35 elementor-widget elementor-widget-heading\" data-id=\"9a0fc35\" data-element_type=\"widget\" data-e-type=\"widget\" data-widget_type=\"heading.default\">\n\t\t\t\t<div class=\"elementor-widget-container\">\n\t\t\t\t\t<h3 class=\"elementor-heading-title elementor-size-default\">02. Prendre rendez-vous<\/h3>\t\t\t\t<\/div>\n\t\t\t\t<\/div>\n\t\t\t\t<div class=\"elementor-element elementor-element-c1636db elementor-widget elementor-widget-heading\" data-id=\"c1636db\" data-element_type=\"widget\" data-e-type=\"widget\" data-widget_type=\"heading.default\">\n\t\t\t\t<div class=\"elementor-widget-container\">\n\t\t\t\t\t<h5 class=\"elementor-heading-title elementor-size-default\"><span style=\"font-size: 16px;letter-spacing: -0.23999999463558197px;white-space: normal\">Studio photo bien encr\u00e9<\/span><br style=\"font-size: 16px;letter-spacing: -0.23999999463558197px;white-space: normal\"><span style=\"font-size: 16px;letter-spacing: -0.23999999463558197px;white-space: normal\">12 rue des grandes varennes 21121 AHUY - Dijon M\u00e9tropole<\/span><br><br><span style=\"font-size: 16px;letter-spacing: -0.23999999463558197px;white-space: normal\">Tel : &nbsp;03 80 38 22 24<\/span><\/h5>\t\t\t\t<\/div>\n\t\t\t\t<\/div>\n\t\t\t\t\t<\/div>\n\t\t<\/div>\n\t\t\t\t<div class=\"elementor-column elementor-col-33 elementor-top-column elementor-element elementor-element-2bd62b3\" data-id=\"2bd62b3\" data-element_type=\"column\" data-e-type=\"column\" data-settings=\"{&quot;background_background&quot;:&quot;classic&quot;}\">\n\t\t\t<div class=\"elementor-widget-wrap elementor-element-populated\">\n\t\t\t\t\t\t<section class=\"elementor-section elementor-inner-section elementor-element elementor-element-8efbf75 elementor-section-boxed elementor-section-height-default elementor-section-height-default\" data-id=\"8efbf75\" data-element_type=\"section\" data-e-type=\"section\">\n\t\t\t\t\t\t<div class=\"elementor-container elementor-column-gap-default\">\n\t\t\t\t\t<div class=\"elementor-column elementor-col-50 elementor-inner-column elementor-element elementor-element-02c402c\" data-id=\"02c402c\" data-element_type=\"column\" data-e-type=\"column\">\n\t\t\t<div class=\"elementor-widget-wrap elementor-element-populated\">\n\t\t\t\t\t\t<div class=\"elementor-element elementor-element-235eef1 elementor-widget elementor-widget-heading\" data-id=\"235eef1\" data-element_type=\"widget\" data-e-type=\"widget\" data-widget_type=\"heading.default\">\n\t\t\t\t<div class=\"elementor-widget-container\">\n\t\t\t\t\t<h6 class=\"elementor-heading-title elementor-size-default\">Homologation :<\/h6>\t\t\t\t<\/div>\n\t\t\t\t<\/div>\n\t\t\t\t\t<\/div>\n\t\t<\/div>\n\t\t\t\t<div class=\"elementor-column elementor-col-50 elementor-inner-column elementor-element elementor-element-765e0b4\" data-id=\"765e0b4\" data-element_type=\"column\" data-e-type=\"column\">\n\t\t\t<div class=\"elementor-widget-wrap elementor-element-populated\">\n\t\t\t\t\t\t<div class=\"elementor-element elementor-element-e11f5a8 elementor-widget elementor-widget-heading\" data-id=\"e11f5a8\" data-element_type=\"widget\" data-e-type=\"widget\" data-widget_type=\"heading.default\">\n\t\t\t\t<div class=\"elementor-widget-container\">\n\t\t\t\t\t<p class=\"elementor-heading-title elementor-size-default\">ANTS\n<br \/>photo num\u00e9rique\n<br \/>photo signature<\/p>\t\t\t\t<\/div>\n\t\t\t\t<\/div>\n\t\t\t\t\t<\/div>\n\t\t<\/div>\n\t\t\t\t\t<\/div>\n\t\t<\/section>\n\t\t\t\t<section class=\"elementor-section elementor-inner-section elementor-element elementor-element-3eb5b7a elementor-section-boxed elementor-section-height-default elementor-section-height-default\" data-id=\"3eb5b7a\" data-element_type=\"section\" data-e-type=\"section\">\n\t\t\t\t\t\t<div class=\"elementor-container elementor-column-gap-default\">\n\t\t\t\t\t<div class=\"elementor-column elementor-col-50 elementor-inner-column elementor-element elementor-element-db98558\" data-id=\"db98558\" data-element_type=\"column\" data-e-type=\"column\">\n\t\t\t<div class=\"elementor-widget-wrap elementor-element-populated\">\n\t\t\t\t\t\t<div class=\"elementor-element elementor-element-abaa98b elementor-widget elementor-widget-heading\" data-id=\"abaa98b\" data-element_type=\"widget\" data-e-type=\"widget\" data-widget_type=\"heading.default\">\n\t\t\t\t<div class=\"elementor-widget-container\">\n\t\t\t\t\t<h6 class=\"elementor-heading-title elementor-size-default\">Photo express :<\/h6>\t\t\t\t<\/div>\n\t\t\t\t<\/div>\n\t\t\t\t\t<\/div>\n\t\t<\/div>\n\t\t\t\t<div class=\"elementor-column elementor-col-50 elementor-inner-column elementor-element elementor-element-0fd8896\" data-id=\"0fd8896\" data-element_type=\"column\" data-e-type=\"column\">\n\t\t\t<div class=\"elementor-widget-wrap elementor-element-populated\">\n\t\t\t\t\t\t<div class=\"elementor-element elementor-element-fecacc6 elementor-widget elementor-widget-heading\" data-id=\"fecacc6\" data-element_type=\"widget\" data-e-type=\"widget\" data-widget_type=\"heading.default\">\n\t\t\t\t<div class=\"elementor-widget-container\">\n\t\t\t\t\t<p class=\"elementor-heading-title elementor-size-default\">Identit\u00e9 , CNI\n<br>Carte d'identit\u00e9\n<br>B\u00e9b\u00e9 (0 \u00e0 12 mois)\n<br>Enfant\n<br>Adulte\n<br>Handicap\u00e9s\n<br>Militaire\n<br>Diplomatique\n<br>Passeport\n<br>Permis de conduire\n<br>Professionnelles\n<br>CV\n<br>Association\n<br>Port d'arme\n<br>Chasse\n<br>Visa\n<br \/>Scolaire<\/p>\t\t\t\t<\/div>\n\t\t\t\t<\/div>\n\t\t\t\t\t<\/div>\n\t\t<\/div>\n\t\t\t\t\t<\/div>\n\t\t<\/section>\n\t\t\t\t\t<\/div>\n\t\t<\/div>\n\t\t\t\t\t<\/div>\n\t\t<\/section>\n\t\t\t\t<section class=\"elementor-section elementor-top-section elementor-element elementor-element-e9cd273 elementor-section-boxed elementor-section-height-default elementor-section-height-default\" data-id=\"e9cd273\" data-element_type=\"section\" data-e-type=\"section\" data-settings=\"{&quot;background_background&quot;:&quot;classic&quot;}\">\n\t\t\t\t\t\t<div class=\"elementor-container elementor-column-gap-wide\">\n\t\t\t\t\t<div class=\"elementor-column elementor-col-33 elementor-top-column elementor-element elementor-element-480ef0a4\" data-id=\"480ef0a4\" data-element_type=\"column\" data-e-type=\"column\">\n\t\t\t<div class=\"elementor-widget-wrap elementor-element-populated\">\n\t\t\t\t\t\t<div class=\"elementor-element elementor-element-ad088ee elementor-widget elementor-widget-image\" data-id=\"ad088ee\" data-element_type=\"widget\" data-e-type=\"widget\" data-widget_type=\"image.default\">\n\t\t\t\t<div class=\"elementor-widget-container\">\n\t\t\t\t\t\t\t\t\t\t\t\t\t\t\t\t<a href=\"https:\/\/energeticthemes.com\/wp-templates\/sanat\/single-service\">\n\t\t\t\t\t\t\t<img fetchpriority=\"high\" decoding=\"async\" width=\"580\" height=\"387\" src=\"https:\/\/thomas-hazebrouck.com\/wp-content\/uploads\/2022\/01\/photo-permis-de-conduire-ants-1024x683.jpg\" class=\"attachment-large size-large wp-image-275\" alt=\"photo ANTS Dijon\" srcset=\"https:\/\/thomas-hazebrouck.com\/wp-content\/uploads\/2022\/01\/photo-permis-de-conduire-ants-1024x683.jpg 1024w, https:\/\/thomas-hazebrouck.com\/wp-content\/uploads\/2022\/01\/photo-permis-de-conduire-ants-300x200.jpg 300w, https:\/\/thomas-hazebrouck.com\/wp-content\/uploads\/2022\/01\/photo-permis-de-conduire-ants-768x512.jpg 768w, https:\/\/thomas-hazebrouck.com\/wp-content\/uploads\/2022\/01\/photo-permis-de-conduire-ants.jpg 1200w\" sizes=\"(max-width: 580px) 100vw, 580px\" \/>\t\t\t\t\t\t\t\t<\/a>\n\t\t\t\t\t\t\t\t\t\t\t\t\t\t\t<\/div>\n\t\t\t\t<\/div>\n\t\t\t\t<section class=\"elementor-section elementor-inner-section elementor-element elementor-element-44bcb14b elementor-section-boxed elementor-section-height-default elementor-section-height-default\" data-id=\"44bcb14b\" data-element_type=\"section\" data-e-type=\"section\" data-settings=\"{&quot;background_background&quot;:&quot;classic&quot;}\">\n\t\t\t\t\t\t<div class=\"elementor-container elementor-column-gap-default\">\n\t\t\t\t\t<div class=\"elementor-column elementor-col-100 elementor-inner-column elementor-element elementor-element-1f6df480\" data-id=\"1f6df480\" data-element_type=\"column\" data-e-type=\"column\">\n\t\t\t<div class=\"elementor-widget-wrap elementor-element-populated\">\n\t\t\t\t\t\t<div class=\"elementor-element elementor-element-5f59a73c elementor-widget elementor-widget-heading\" data-id=\"5f59a73c\" data-element_type=\"widget\" data-e-type=\"widget\" data-widget_type=\"heading.default\">\n\t\t\t\t<div class=\"elementor-widget-container\">\n\t\t\t\t\t<h4 class=\"elementor-heading-title elementor-size-default\"><a href=\"https:\/\/energeticthemes.com\/wp-templates\/sanat\/single-service\">Photo permis de Conduire \u00e0 Dijon<\/a><\/h4>\t\t\t\t<\/div>\n\t\t\t\t<\/div>\n\t\t\t\t<div class=\"elementor-element elementor-element-13244331 elementor-widget elementor-widget-text-editor\" data-id=\"13244331\" data-element_type=\"widget\" data-e-type=\"widget\" data-widget_type=\"text-editor.default\">\n\t\t\t\t<div class=\"elementor-widget-container\">\n\t\t\t\t\t\t\t\t\t<p>Signature \u00e9lectronique, photo d&rsquo;identit\u00e9 num\u00e9rique pour auto-\u00e9cole, renouvellement de permis de conduire, et pour les fins de suspension de permis de conduire.<br \/><br \/><br \/><br \/><br \/><\/p><h5 style=\"text-align: center;\">Prendre rendez-vous pour<br \/>une photo ANTS Dijon<br \/>03 80 38 22 24<\/h5>\t\t\t\t\t\t\t\t<\/div>\n\t\t\t\t<\/div>\n\t\t\t\t<div class=\"elementor-element elementor-element-29cecbb2 elementor-view-default elementor-widget elementor-widget-icon\" data-id=\"29cecbb2\" data-element_type=\"widget\" data-e-type=\"widget\" data-widget_type=\"icon.default\">\n\t\t\t\t<div class=\"elementor-widget-container\">\n\t\t\t\t\t\t\t<div class=\"elementor-icon-wrapper\">\n\t\t\t<a class=\"elementor-icon\" href=\"https:\/\/thomas-hazebrouck.com\/index.php\/photographes-dijon-chalon-sur-saone-entreprise\/\">\n\t\t\t<i aria-hidden=\"true\" class=\"fas fa-arrow-right\"><\/i>\t\t\t<\/a>\n\t\t<\/div>\n\t\t\t\t\t\t<\/div>\n\t\t\t\t<\/div>\n\t\t\t\t\t<\/div>\n\t\t<\/div>\n\t\t\t\t\t<\/div>\n\t\t<\/section>\n\t\t\t\t\t<\/div>\n\t\t<\/div>\n\t\t\t\t<div class=\"elementor-column elementor-col-33 elementor-top-column elementor-element elementor-element-2adda947\" data-id=\"2adda947\" data-element_type=\"column\" data-e-type=\"column\">\n\t\t\t<div class=\"elementor-widget-wrap elementor-element-populated\">\n\t\t\t\t\t\t<div class=\"elementor-element elementor-element-1692e9ac elementor-widget elementor-widget-image\" data-id=\"1692e9ac\" data-element_type=\"widget\" data-e-type=\"widget\" data-widget_type=\"image.default\">\n\t\t\t\t<div class=\"elementor-widget-container\">\n\t\t\t\t\t\t\t\t\t\t\t\t\t\t\t\t<a href=\"https:\/\/energeticthemes.com\/wp-templates\/sanat\/single-service\">\n\t\t\t\t\t\t\t<img decoding=\"async\" width=\"580\" height=\"387\" src=\"https:\/\/thomas-hazebrouck.com\/wp-content\/uploads\/2022\/01\/photo-identite-bebe-dijon--1024x683.jpg\" class=\"attachment-large size-large wp-image-274\" alt=\"photo passeport b\u00e9b\u00e9 dijon\" srcset=\"https:\/\/thomas-hazebrouck.com\/wp-content\/uploads\/2022\/01\/photo-identite-bebe-dijon--1024x683.jpg 1024w, https:\/\/thomas-hazebrouck.com\/wp-content\/uploads\/2022\/01\/photo-identite-bebe-dijon--300x200.jpg 300w, https:\/\/thomas-hazebrouck.com\/wp-content\/uploads\/2022\/01\/photo-identite-bebe-dijon--768x512.jpg 768w, https:\/\/thomas-hazebrouck.com\/wp-content\/uploads\/2022\/01\/photo-identite-bebe-dijon-.jpg 1200w\" sizes=\"(max-width: 580px) 100vw, 580px\" \/>\t\t\t\t\t\t\t\t<\/a>\n\t\t\t\t\t\t\t\t\t\t\t\t\t\t\t<\/div>\n\t\t\t\t<\/div>\n\t\t\t\t<section class=\"elementor-section elementor-inner-section elementor-element elementor-element-1f69ade7 elementor-section-boxed elementor-section-height-default elementor-section-height-default\" data-id=\"1f69ade7\" data-element_type=\"section\" data-e-type=\"section\" data-settings=\"{&quot;background_background&quot;:&quot;classic&quot;}\">\n\t\t\t\t\t\t<div class=\"elementor-container elementor-column-gap-default\">\n\t\t\t\t\t<div class=\"elementor-column elementor-col-100 elementor-inner-column elementor-element elementor-element-65cece3c\" data-id=\"65cece3c\" data-element_type=\"column\" data-e-type=\"column\">\n\t\t\t<div class=\"elementor-widget-wrap elementor-element-populated\">\n\t\t\t\t\t\t<div class=\"elementor-element elementor-element-3500c76c elementor-widget elementor-widget-heading\" data-id=\"3500c76c\" data-element_type=\"widget\" data-e-type=\"widget\" data-widget_type=\"heading.default\">\n\t\t\t\t<div class=\"elementor-widget-container\">\n\t\t\t\t\t<h4 class=\"elementor-heading-title elementor-size-default\"><a href=\"https:\/\/energeticthemes.com\/wp-templates\/sanat\/single-service\">Photo b\u00e9b\u00e9 et enfant \u00e0 Dijon<\/a><\/h4>\t\t\t\t<\/div>\n\t\t\t\t<\/div>\n\t\t\t\t<div class=\"elementor-element elementor-element-2dd1921 elementor-widget elementor-widget-text-editor\" data-id=\"2dd1921\" data-element_type=\"widget\" data-e-type=\"widget\" data-widget_type=\"text-editor.default\">\n\t\t\t\t<div class=\"elementor-widget-container\">\n\t\t\t\t\t\t\t\t\t<p>Le studio photo de Dijon est adapt\u00e9 pour les jeunes enfants de quelques jours comme pour les plus grands. Pour les nourissons et les b\u00e9b\u00e9s, nous comprenons que vous ayez besoin d&rsquo;allaiter ou d&rsquo;avoir une souplesse pour les rendez-vous. N&rsquo;h\u00e9sitez pas \u00e0 nous demander des informations sur une s\u00e9ance photo d&rsquo;identit\u00e9 pour les b\u00e9b\u00e9s.<\/p><h5 style=\"text-align: center;\">Prendre rendez-vous pour<br \/>une photo identit\u00e9 enfant Dijon<br \/>03 80 38 22 24<\/h5>\t\t\t\t\t\t\t\t<\/div>\n\t\t\t\t<\/div>\n\t\t\t\t<div class=\"elementor-element elementor-element-a07905 elementor-view-default elementor-widget elementor-widget-icon\" data-id=\"a07905\" data-element_type=\"widget\" data-e-type=\"widget\" data-widget_type=\"icon.default\">\n\t\t\t\t<div class=\"elementor-widget-container\">\n\t\t\t\t\t\t\t<div class=\"elementor-icon-wrapper\">\n\t\t\t<a class=\"elementor-icon\" href=\"https:\/\/thomas-hazebrouck.com\/index.php\/photographes-dijon-chalon-sur-saone-entreprise\/\">\n\t\t\t<i aria-hidden=\"true\" class=\"fas fa-arrow-right\"><\/i>\t\t\t<\/a>\n\t\t<\/div>\n\t\t\t\t\t\t<\/div>\n\t\t\t\t<\/div>\n\t\t\t\t\t<\/div>\n\t\t<\/div>\n\t\t\t\t\t<\/div>\n\t\t<\/section>\n\t\t\t\t\t<\/div>\n\t\t<\/div>\n\t\t\t\t<div class=\"elementor-column elementor-col-33 elementor-top-column elementor-element elementor-element-21f80076\" data-id=\"21f80076\" data-element_type=\"column\" data-e-type=\"column\">\n\t\t\t<div class=\"elementor-widget-wrap elementor-element-populated\">\n\t\t\t\t\t\t<div class=\"elementor-element elementor-element-48290819 elementor-widget elementor-widget-image\" data-id=\"48290819\" data-element_type=\"widget\" data-e-type=\"widget\" data-widget_type=\"image.default\">\n\t\t\t\t<div class=\"elementor-widget-container\">\n\t\t\t\t\t\t\t\t\t\t\t\t\t\t\t\t<a href=\"https:\/\/energeticthemes.com\/wp-templates\/sanat\/single-service\">\n\t\t\t\t\t\t\t<img decoding=\"async\" width=\"580\" height=\"387\" src=\"https:\/\/thomas-hazebrouck.com\/wp-content\/uploads\/2022\/01\/Photo-presentation-service-1024x683.jpg\" class=\"attachment-large size-large wp-image-276\" alt=\"photo identit\u00e9 personne \u00e0 mobilit\u00e9 r\u00e9duite dijon\" srcset=\"https:\/\/thomas-hazebrouck.com\/wp-content\/uploads\/2022\/01\/Photo-presentation-service-1024x683.jpg 1024w, https:\/\/thomas-hazebrouck.com\/wp-content\/uploads\/2022\/01\/Photo-presentation-service-300x200.jpg 300w, https:\/\/thomas-hazebrouck.com\/wp-content\/uploads\/2022\/01\/Photo-presentation-service-768x512.jpg 768w, https:\/\/thomas-hazebrouck.com\/wp-content\/uploads\/2022\/01\/Photo-presentation-service.jpg 1200w\" sizes=\"(max-width: 580px) 100vw, 580px\" \/>\t\t\t\t\t\t\t\t<\/a>\n\t\t\t\t\t\t\t\t\t\t\t\t\t\t\t<\/div>\n\t\t\t\t<\/div>\n\t\t\t\t<section class=\"elementor-section elementor-inner-section elementor-element elementor-element-77fd7868 elementor-section-boxed elementor-section-height-default elementor-section-height-default\" data-id=\"77fd7868\" data-element_type=\"section\" data-e-type=\"section\" data-settings=\"{&quot;background_background&quot;:&quot;classic&quot;}\">\n\t\t\t\t\t\t<div class=\"elementor-container elementor-column-gap-default\">\n\t\t\t\t\t<div class=\"elementor-column elementor-col-100 elementor-inner-column elementor-element elementor-element-6966b74a\" data-id=\"6966b74a\" data-element_type=\"column\" data-e-type=\"column\">\n\t\t\t<div class=\"elementor-widget-wrap elementor-element-populated\">\n\t\t\t\t\t\t<div class=\"elementor-element elementor-element-289602d8 elementor-widget elementor-widget-heading\" data-id=\"289602d8\" data-element_type=\"widget\" data-e-type=\"widget\" data-widget_type=\"heading.default\">\n\t\t\t\t<div class=\"elementor-widget-container\">\n\t\t\t\t\t<h4 class=\"elementor-heading-title elementor-size-default\"><a href=\"https:\/\/energeticthemes.com\/wp-templates\/sanat\/single-service\">Photo personne mobilit\u00e9 r\u00e9duite Dijon<\/a><\/h4>\t\t\t\t<\/div>\n\t\t\t\t<\/div>\n\t\t\t\t<div class=\"elementor-element elementor-element-fb6786e elementor-widget elementor-widget-text-editor\" data-id=\"fb6786e\" data-element_type=\"widget\" data-e-type=\"widget\" data-widget_type=\"text-editor.default\">\n\t\t\t\t<div class=\"elementor-widget-container\">\n\t\t\t\t\t\t\t\t\t<p>Le studio du <strong>photographe de Dijon<\/strong> est de plein pied. Pas d&rsquo;escaliers, et des ouvertures larges. Si vous \u00eates en fauteuil, vous pouvez acc\u00e9der au studio et vous garer sur une place am\u00e9nag\u00e9e juste \u00e0 l&rsquo;entr\u00e9e. N&rsquo;h\u00e9sitez pas \u00e0 nous contacter pour en savoir plus sur une s\u00e9ance photo d&rsquo;identit\u00e9.<br \/><br \/><\/p><h5 style=\"text-align: center;\">Prendre rendez-vous pour<br \/>une photo agr\u00e9\u00e9 Dijon<br \/>03 80 38 22 24<\/h5>\t\t\t\t\t\t\t\t<\/div>\n\t\t\t\t<\/div>\n\t\t\t\t<div class=\"elementor-element elementor-element-32d00719 elementor-view-default elementor-widget elementor-widget-icon\" data-id=\"32d00719\" data-element_type=\"widget\" data-e-type=\"widget\" data-widget_type=\"icon.default\">\n\t\t\t\t<div class=\"elementor-widget-container\">\n\t\t\t\t\t\t\t<div class=\"elementor-icon-wrapper\">\n\t\t\t<a class=\"elementor-icon\" href=\"https:\/\/thomas-hazebrouck.com\/index.php\/photographes-dijon-chalon-sur-saone-entreprise\/\">\n\t\t\t<i aria-hidden=\"true\" class=\"fas fa-arrow-right\"><\/i>\t\t\t<\/a>\n\t\t<\/div>\n\t\t\t\t\t\t<\/div>\n\t\t\t\t<\/div>\n\t\t\t\t\t<\/div>\n\t\t<\/div>\n\t\t\t\t\t<\/div>\n\t\t<\/section>\n\t\t\t\t\t<\/div>\n\t\t<\/div>\n\t\t\t\t\t<\/div>\n\t\t<\/section>\n\t\t\t\t<section class=\"elementor-section elementor-top-section elementor-element elementor-element-cafcab5 elementor-section-boxed elementor-section-height-default elementor-section-height-default\" data-id=\"cafcab5\" data-element_type=\"section\" data-e-type=\"section\" data-settings=\"{&quot;background_background&quot;:&quot;classic&quot;}\">\n\t\t\t\t\t\t<div class=\"elementor-container elementor-column-gap-wide\">\n\t\t\t\t\t<div class=\"elementor-column elementor-col-33 elementor-top-column elementor-element elementor-element-404e5dab\" data-id=\"404e5dab\" data-element_type=\"column\" data-e-type=\"column\">\n\t\t\t<div class=\"elementor-widget-wrap elementor-element-populated\">\n\t\t\t\t\t\t<div class=\"elementor-element elementor-element-10b64f5a elementor-widget elementor-widget-image\" data-id=\"10b64f5a\" data-element_type=\"widget\" data-e-type=\"widget\" data-widget_type=\"image.default\">\n\t\t\t\t<div class=\"elementor-widget-container\">\n\t\t\t\t\t\t\t\t\t\t\t\t\t\t\t\t<a href=\"https:\/\/energeticthemes.com\/wp-templates\/sanat\/single-service\">\n\t\t\t\t\t\t\t<img loading=\"lazy\" decoding=\"async\" width=\"580\" height=\"387\" src=\"https:\/\/thomas-hazebrouck.com\/wp-content\/uploads\/2022\/01\/photo-renouvellement-permis-poids-lourds-ants-dijon-1024x683.jpg\" class=\"attachment-large size-large wp-image-280\" alt=\"\" srcset=\"https:\/\/thomas-hazebrouck.com\/wp-content\/uploads\/2022\/01\/photo-renouvellement-permis-poids-lourds-ants-dijon-1024x683.jpg 1024w, https:\/\/thomas-hazebrouck.com\/wp-content\/uploads\/2022\/01\/photo-renouvellement-permis-poids-lourds-ants-dijon-300x200.jpg 300w, https:\/\/thomas-hazebrouck.com\/wp-content\/uploads\/2022\/01\/photo-renouvellement-permis-poids-lourds-ants-dijon-768x512.jpg 768w, https:\/\/thomas-hazebrouck.com\/wp-content\/uploads\/2022\/01\/photo-renouvellement-permis-poids-lourds-ants-dijon.jpg 1200w\" sizes=\"(max-width: 580px) 100vw, 580px\" \/>\t\t\t\t\t\t\t\t<\/a>\n\t\t\t\t\t\t\t\t\t\t\t\t\t\t\t<\/div>\n\t\t\t\t<\/div>\n\t\t\t\t<section class=\"elementor-section elementor-inner-section elementor-element elementor-element-7eb63176 elementor-section-boxed elementor-section-height-default elementor-section-height-default\" data-id=\"7eb63176\" data-element_type=\"section\" data-e-type=\"section\" data-settings=\"{&quot;background_background&quot;:&quot;classic&quot;}\">\n\t\t\t\t\t\t<div class=\"elementor-container elementor-column-gap-default\">\n\t\t\t\t\t<div class=\"elementor-column elementor-col-100 elementor-inner-column elementor-element elementor-element-4e588b1e\" data-id=\"4e588b1e\" data-element_type=\"column\" data-e-type=\"column\">\n\t\t\t<div class=\"elementor-widget-wrap elementor-element-populated\">\n\t\t\t\t\t\t<div class=\"elementor-element elementor-element-51c79146 elementor-widget elementor-widget-heading\" data-id=\"51c79146\" data-element_type=\"widget\" data-e-type=\"widget\" data-widget_type=\"heading.default\">\n\t\t\t\t<div class=\"elementor-widget-container\">\n\t\t\t\t\t<h4 class=\"elementor-heading-title elementor-size-default\"><a href=\"https:\/\/energeticthemes.com\/wp-templates\/sanat\/single-service\">Photo permis poids lourds Dijon<\/a><\/h4>\t\t\t\t<\/div>\n\t\t\t\t<\/div>\n\t\t\t\t<div class=\"elementor-element elementor-element-54aa0d90 elementor-widget elementor-widget-text-editor\" data-id=\"54aa0d90\" data-element_type=\"widget\" data-e-type=\"widget\" data-widget_type=\"text-editor.default\">\n\t\t\t\t<div class=\"elementor-widget-container\">\n\t\t\t\t\t\t\t\t\t<p>Chauffeurs ou conducteurs, photos ANTS avec signature \u00e9lectronique pour permis de conduire poids lourd, ainsi que les renouvellements suite aux visites m\u00e9dicales.<\/p><h5 style=\"text-align: center;\">Prendre rendez-vous pour<br \/>une photo ANTS Dijon poids lourd <br \/>03 80 38 22 24<\/h5>\t\t\t\t\t\t\t\t<\/div>\n\t\t\t\t<\/div>\n\t\t\t\t<div class=\"elementor-element elementor-element-727951f9 elementor-view-default elementor-widget elementor-widget-icon\" data-id=\"727951f9\" data-element_type=\"widget\" data-e-type=\"widget\" data-widget_type=\"icon.default\">\n\t\t\t\t<div class=\"elementor-widget-container\">\n\t\t\t\t\t\t\t<div class=\"elementor-icon-wrapper\">\n\t\t\t<a class=\"elementor-icon\" href=\"https:\/\/thomas-hazebrouck.com\/index.php\/photographes-dijon-chalon-sur-saone-entreprise\/\">\n\t\t\t<i aria-hidden=\"true\" class=\"fas fa-arrow-right\"><\/i>\t\t\t<\/a>\n\t\t<\/div>\n\t\t\t\t\t\t<\/div>\n\t\t\t\t<\/div>\n\t\t\t\t\t<\/div>\n\t\t<\/div>\n\t\t\t\t\t<\/div>\n\t\t<\/section>\n\t\t\t\t\t<\/div>\n\t\t<\/div>\n\t\t\t\t<div class=\"elementor-column elementor-col-33 elementor-top-column elementor-element elementor-element-7287d2f9\" data-id=\"7287d2f9\" data-element_type=\"column\" data-e-type=\"column\">\n\t\t\t<div class=\"elementor-widget-wrap elementor-element-populated\">\n\t\t\t\t\t\t<div class=\"elementor-element elementor-element-41af4e97 elementor-widget elementor-widget-image\" data-id=\"41af4e97\" data-element_type=\"widget\" data-e-type=\"widget\" data-widget_type=\"image.default\">\n\t\t\t\t<div class=\"elementor-widget-container\">\n\t\t\t\t\t\t\t\t\t\t\t\t\t\t\t\t<a href=\"https:\/\/energeticthemes.com\/wp-templates\/sanat\/single-service\">\n\t\t\t\t\t\t\t<img loading=\"lazy\" decoding=\"async\" width=\"580\" height=\"387\" src=\"https:\/\/thomas-hazebrouck.com\/wp-content\/uploads\/2022\/01\/photo-diplomatique-et-militaire-1024x683.jpg\" class=\"attachment-large size-large wp-image-281\" alt=\"\" srcset=\"https:\/\/thomas-hazebrouck.com\/wp-content\/uploads\/2022\/01\/photo-diplomatique-et-militaire-1024x683.jpg 1024w, https:\/\/thomas-hazebrouck.com\/wp-content\/uploads\/2022\/01\/photo-diplomatique-et-militaire-300x200.jpg 300w, https:\/\/thomas-hazebrouck.com\/wp-content\/uploads\/2022\/01\/photo-diplomatique-et-militaire-768x512.jpg 768w, https:\/\/thomas-hazebrouck.com\/wp-content\/uploads\/2022\/01\/photo-diplomatique-et-militaire.jpg 1200w\" sizes=\"(max-width: 580px) 100vw, 580px\" \/>\t\t\t\t\t\t\t\t<\/a>\n\t\t\t\t\t\t\t\t\t\t\t\t\t\t\t<\/div>\n\t\t\t\t<\/div>\n\t\t\t\t<section class=\"elementor-section elementor-inner-section elementor-element elementor-element-4a80d1ba elementor-section-boxed elementor-section-height-default elementor-section-height-default\" data-id=\"4a80d1ba\" data-element_type=\"section\" data-e-type=\"section\" data-settings=\"{&quot;background_background&quot;:&quot;classic&quot;}\">\n\t\t\t\t\t\t<div class=\"elementor-container elementor-column-gap-default\">\n\t\t\t\t\t<div class=\"elementor-column elementor-col-100 elementor-inner-column elementor-element elementor-element-83ec55b\" data-id=\"83ec55b\" data-element_type=\"column\" data-e-type=\"column\">\n\t\t\t<div class=\"elementor-widget-wrap elementor-element-populated\">\n\t\t\t\t\t\t<div class=\"elementor-element elementor-element-672eee7f elementor-widget elementor-widget-heading\" data-id=\"672eee7f\" data-element_type=\"widget\" data-e-type=\"widget\" data-widget_type=\"heading.default\">\n\t\t\t\t<div class=\"elementor-widget-container\">\n\t\t\t\t\t<h4 class=\"elementor-heading-title elementor-size-default\"><a href=\"https:\/\/energeticthemes.com\/wp-templates\/sanat\/single-service\">Photos militaire et dipl\u00f4matique Dijon<\/a><\/h4>\t\t\t\t<\/div>\n\t\t\t\t<\/div>\n\t\t\t\t<div class=\"elementor-element elementor-element-2c42a6d7 elementor-widget elementor-widget-text-editor\" data-id=\"2c42a6d7\" data-element_type=\"widget\" data-e-type=\"widget\" data-widget_type=\"text-editor.default\">\n\t\t\t\t<div class=\"elementor-widget-container\">\n\t\t\t\t\t\t\t\t\t<p>Photos d&rsquo;identit\u00e9 pour cartes professionnelles BTP ou autre, cartes de s\u00e9curit\u00e9s, passeports diplomatiques, papiers militaires, police, gendarmerie.<\/p><h5 style=\"text-align: center;\">Prendre rendez-vous pour<br \/>une photo d&rsquo;identit\u00e9 agr\u00e9\u00e9 Dijon<br \/>03 80 38 22 24<\/h5>\t\t\t\t\t\t\t\t<\/div>\n\t\t\t\t<\/div>\n\t\t\t\t<div class=\"elementor-element elementor-element-245bc606 elementor-view-default elementor-widget elementor-widget-icon\" data-id=\"245bc606\" data-element_type=\"widget\" data-e-type=\"widget\" data-widget_type=\"icon.default\">\n\t\t\t\t<div class=\"elementor-widget-container\">\n\t\t\t\t\t\t\t<div class=\"elementor-icon-wrapper\">\n\t\t\t<a class=\"elementor-icon\" href=\"https:\/\/thomas-hazebrouck.com\/index.php\/photographes-dijon-chalon-sur-saone-entreprise\/\">\n\t\t\t<i aria-hidden=\"true\" class=\"fas fa-arrow-right\"><\/i>\t\t\t<\/a>\n\t\t<\/div>\n\t\t\t\t\t\t<\/div>\n\t\t\t\t<\/div>\n\t\t\t\t\t<\/div>\n\t\t<\/div>\n\t\t\t\t\t<\/div>\n\t\t<\/section>\n\t\t\t\t\t<\/div>\n\t\t<\/div>\n\t\t\t\t<div class=\"elementor-column elementor-col-33 elementor-top-column elementor-element elementor-element-517d3b5\" data-id=\"517d3b5\" data-element_type=\"column\" data-e-type=\"column\">\n\t\t\t<div class=\"elementor-widget-wrap elementor-element-populated\">\n\t\t\t\t\t\t<div class=\"elementor-element elementor-element-f4ffbfa elementor-widget elementor-widget-image\" data-id=\"f4ffbfa\" data-element_type=\"widget\" data-e-type=\"widget\" data-widget_type=\"image.default\">\n\t\t\t\t<div class=\"elementor-widget-container\">\n\t\t\t\t\t\t\t\t\t\t\t\t\t\t\t\t<a href=\"https:\/\/energeticthemes.com\/wp-templates\/sanat\/single-service\">\n\t\t\t\t\t\t\t<img loading=\"lazy\" decoding=\"async\" width=\"580\" height=\"387\" src=\"https:\/\/thomas-hazebrouck.com\/wp-content\/uploads\/2022\/01\/photo-passeport-identite-dijon-agree-1024x683.jpg\" class=\"attachment-large size-large wp-image-283\" alt=\"\" srcset=\"https:\/\/thomas-hazebrouck.com\/wp-content\/uploads\/2022\/01\/photo-passeport-identite-dijon-agree-1024x683.jpg 1024w, https:\/\/thomas-hazebrouck.com\/wp-content\/uploads\/2022\/01\/photo-passeport-identite-dijon-agree-300x200.jpg 300w, https:\/\/thomas-hazebrouck.com\/wp-content\/uploads\/2022\/01\/photo-passeport-identite-dijon-agree-768x512.jpg 768w, https:\/\/thomas-hazebrouck.com\/wp-content\/uploads\/2022\/01\/photo-passeport-identite-dijon-agree.jpg 1200w\" sizes=\"(max-width: 580px) 100vw, 580px\" \/>\t\t\t\t\t\t\t\t<\/a>\n\t\t\t\t\t\t\t\t\t\t\t\t\t\t\t<\/div>\n\t\t\t\t<\/div>\n\t\t\t\t<section class=\"elementor-section elementor-inner-section elementor-element elementor-element-63ef9ebe elementor-section-boxed elementor-section-height-default elementor-section-height-default\" data-id=\"63ef9ebe\" data-element_type=\"section\" data-e-type=\"section\" data-settings=\"{&quot;background_background&quot;:&quot;classic&quot;}\">\n\t\t\t\t\t\t<div class=\"elementor-container elementor-column-gap-default\">\n\t\t\t\t\t<div class=\"elementor-column elementor-col-100 elementor-inner-column elementor-element elementor-element-2b9aee7b\" data-id=\"2b9aee7b\" data-element_type=\"column\" data-e-type=\"column\">\n\t\t\t<div class=\"elementor-widget-wrap elementor-element-populated\">\n\t\t\t\t\t\t<div class=\"elementor-element elementor-element-4521f7d8 elementor-widget elementor-widget-heading\" data-id=\"4521f7d8\" data-element_type=\"widget\" data-e-type=\"widget\" data-widget_type=\"heading.default\">\n\t\t\t\t<div class=\"elementor-widget-container\">\n\t\t\t\t\t<h4 class=\"elementor-heading-title elementor-size-default\"><a href=\"https:\/\/energeticthemes.com\/wp-templates\/sanat\/single-service\">Photos passeport,  identit\u00e9, visa \u00e0 Dijon<\/a><\/h4>\t\t\t\t<\/div>\n\t\t\t\t<\/div>\n\t\t\t\t<div class=\"elementor-element elementor-element-3cab04d2 elementor-widget elementor-widget-text-editor\" data-id=\"3cab04d2\" data-element_type=\"widget\" data-e-type=\"widget\" data-widget_type=\"text-editor.default\">\n\t\t\t\t<div class=\"elementor-widget-container\">\n\t\t\t\t\t\t\t\t\t<p>Photos d&rsquo;identit\u00e9 pour passeport, cartes d&rsquo;identit\u00e9s, cartes vitale, visa tout pays. Nous formatons la photo d&rsquo;identit\u00e9 en fonction de votre pays ou destination pour les visas.<\/p><h5 style=\"text-align: center;\">Prendre rendez-vous pour<br \/>une photo ANTS Dijon<br \/>03 80 38 22 24<\/h5>\t\t\t\t\t\t\t\t<\/div>\n\t\t\t\t<\/div>\n\t\t\t\t<div class=\"elementor-element elementor-element-9757e6b elementor-view-default elementor-widget elementor-widget-icon\" data-id=\"9757e6b\" data-element_type=\"widget\" data-e-type=\"widget\" data-widget_type=\"icon.default\">\n\t\t\t\t<div class=\"elementor-widget-container\">\n\t\t\t\t\t\t\t<div class=\"elementor-icon-wrapper\">\n\t\t\t<a class=\"elementor-icon\" href=\"https:\/\/thomas-hazebrouck.com\/index.php\/photographes-dijon-chalon-sur-saone-entreprise\/\">\n\t\t\t<i aria-hidden=\"true\" class=\"fas fa-arrow-right\"><\/i>\t\t\t<\/a>\n\t\t<\/div>\n\t\t\t\t\t\t<\/div>\n\t\t\t\t<\/div>\n\t\t\t\t\t<\/div>\n\t\t<\/div>\n\t\t\t\t\t<\/div>\n\t\t<\/section>\n\t\t\t\t\t<\/div>\n\t\t<\/div>\n\t\t\t\t\t<\/div>\n\t\t<\/section>\n\t\t\t\t<section class=\"elementor-section elementor-top-section elementor-element elementor-element-94d619e elementor-section-boxed elementor-section-height-default elementor-section-height-default\" data-id=\"94d619e\" data-element_type=\"section\" data-e-type=\"section\" data-settings=\"{&quot;background_background&quot;:&quot;classic&quot;}\">\n\t\t\t\t\t\t<div class=\"elementor-container elementor-column-gap-default\">\n\t\t\t\t\t<div class=\"elementor-column elementor-col-100 elementor-top-column elementor-element elementor-element-981d482\" data-id=\"981d482\" data-element_type=\"column\" data-e-type=\"column\">\n\t\t\t<div class=\"elementor-widget-wrap elementor-element-populated\">\n\t\t\t\t\t\t<div class=\"elementor-element elementor-element-e959a7b elementor-grid-3 elementor-grid-tablet-2 elementor-grid-mobile-1 elementor-posts--thumbnail-top elementor-widget elementor-widget-posts\" data-id=\"e959a7b\" data-element_type=\"widget\" data-e-type=\"widget\" data-settings=\"{&quot;classic_columns&quot;:&quot;3&quot;,&quot;classic_columns_tablet&quot;:&quot;2&quot;,&quot;classic_columns_mobile&quot;:&quot;1&quot;,&quot;classic_row_gap&quot;:{&quot;unit&quot;:&quot;px&quot;,&quot;size&quot;:35,&quot;sizes&quot;:[]},&quot;classic_row_gap_tablet&quot;:{&quot;unit&quot;:&quot;px&quot;,&quot;size&quot;:&quot;&quot;,&quot;sizes&quot;:[]},&quot;classic_row_gap_mobile&quot;:{&quot;unit&quot;:&quot;px&quot;,&quot;size&quot;:&quot;&quot;,&quot;sizes&quot;:[]}}\" data-widget_type=\"posts.classic\">\n\t\t\t\t<div class=\"elementor-widget-container\">\n\t\t\t\t\t\t\t<div class=\"elementor-posts-container elementor-posts elementor-posts--skin-classic elementor-grid\" role=\"list\">\n\t\t\t\t<article class=\"elementor-post elementor-grid-item post-3130 post type-post status-publish format-standard hentry category-photo-identite-dijon\" role=\"listitem\">\n\t\t\t\t<div class=\"elementor-post__text\">\n\t\t\t\t<h3 class=\"elementor-post__title\">\n\t\t\t<a href=\"https:\/\/thomas-hazebrouck.com\/index.php\/photo-identite-dijon\/photo-didentite-conforme\/\" >\n\t\t\t\tPhoto d&rsquo;identit\u00e9 conforme\t\t\t<\/a>\n\t\t<\/h3>\n\t\t\t\t<div class=\"elementor-post__excerpt\">\n\t\t\t\t\t<\/div>\n\t\t\n\t\t<a class=\"elementor-post__read-more\" href=\"https:\/\/thomas-hazebrouck.com\/index.php\/photo-identite-dijon\/photo-didentite-conforme\/\" aria-label=\"En savoir plus sur Photo d&rsquo;identit\u00e9 conforme\" tabindex=\"-1\" >\n\t\t\tLire la suite \u00bb\t\t<\/a>\n\n\t\t\t\t<\/div>\n\t\t\t\t<\/article>\n\t\t\t\t<article class=\"elementor-post elementor-grid-item post-3129 post type-post status-publish format-standard hentry category-photo-identite-dijon\" role=\"listitem\">\n\t\t\t\t<div class=\"elementor-post__text\">\n\t\t\t\t<h3 class=\"elementor-post__title\">\n\t\t\t<a href=\"https:\/\/thomas-hazebrouck.com\/index.php\/photo-identite-dijon\/photo-didentite-ants\/\" >\n\t\t\t\tPhoto d&rsquo;identit\u00e9 ANTS\t\t\t<\/a>\n\t\t<\/h3>\n\t\t\t\t<div class=\"elementor-post__excerpt\">\n\t\t\t\t\t<\/div>\n\t\t\n\t\t<a class=\"elementor-post__read-more\" href=\"https:\/\/thomas-hazebrouck.com\/index.php\/photo-identite-dijon\/photo-didentite-ants\/\" aria-label=\"En savoir plus sur Photo d&rsquo;identit\u00e9 ANTS\" tabindex=\"-1\" >\n\t\t\tLire la suite \u00bb\t\t<\/a>\n\n\t\t\t\t<\/div>\n\t\t\t\t<\/article>\n\t\t\t\t<article class=\"elementor-post elementor-grid-item post-3128 post type-post status-publish format-standard hentry category-photo-identite-dijon\" role=\"listitem\">\n\t\t\t\t<div class=\"elementor-post__text\">\n\t\t\t\t<h3 class=\"elementor-post__title\">\n\t\t\t<a href=\"https:\/\/thomas-hazebrouck.com\/index.php\/photo-identite-dijon\/photo-didentite-diplomatique-militaire-et-habilitations\/\" >\n\t\t\t\tPhoto d&rsquo;identit\u00e9 diplomatique, militaire et habilitations\t\t\t<\/a>\n\t\t<\/h3>\n\t\t\t\t<div class=\"elementor-post__excerpt\">\n\t\t\t\t\t<\/div>\n\t\t\n\t\t<a class=\"elementor-post__read-more\" href=\"https:\/\/thomas-hazebrouck.com\/index.php\/photo-identite-dijon\/photo-didentite-diplomatique-militaire-et-habilitations\/\" aria-label=\"En savoir plus sur Photo d&rsquo;identit\u00e9 diplomatique, militaire et habilitations\" tabindex=\"-1\" >\n\t\t\tLire la suite \u00bb\t\t<\/a>\n\n\t\t\t\t<\/div>\n\t\t\t\t<\/article>\n\t\t\t\t<article class=\"elementor-post elementor-grid-item post-3123 post type-post status-publish format-standard hentry category-photo-identite-dijon\" role=\"listitem\">\n\t\t\t\t<div class=\"elementor-post__text\">\n\t\t\t\t<h3 class=\"elementor-post__title\">\n\t\t\t<a href=\"https:\/\/thomas-hazebrouck.com\/index.php\/photo-identite-dijon\/photo-didentite-carte-pro-et-pass-securite\/\" >\n\t\t\t\tPhoto d&rsquo;identit\u00e9 carte pro et pass s\u00e9curit\u00e9\t\t\t<\/a>\n\t\t<\/h3>\n\t\t\t\t<div class=\"elementor-post__excerpt\">\n\t\t\t\t\t<\/div>\n\t\t\n\t\t<a class=\"elementor-post__read-more\" href=\"https:\/\/thomas-hazebrouck.com\/index.php\/photo-identite-dijon\/photo-didentite-carte-pro-et-pass-securite\/\" aria-label=\"En savoir plus sur Photo d&rsquo;identit\u00e9 carte pro et pass s\u00e9curit\u00e9\" tabindex=\"-1\" >\n\t\t\tLire la suite \u00bb\t\t<\/a>\n\n\t\t\t\t<\/div>\n\t\t\t\t<\/article>\n\t\t\t\t<article class=\"elementor-post elementor-grid-item post-3122 post type-post status-publish format-standard hentry category-photo-identite-dijon\" role=\"listitem\">\n\t\t\t\t<div class=\"elementor-post__text\">\n\t\t\t\t<h3 class=\"elementor-post__title\">\n\t\t\t<a href=\"https:\/\/thomas-hazebrouck.com\/index.php\/photo-identite-dijon\/identite-club-photo-licences\/\" >\n\t\t\t\tidentit\u00e9 club photo, licences\t\t\t<\/a>\n\t\t<\/h3>\n\t\t\t\t<div class=\"elementor-post__excerpt\">\n\t\t\t\t\t<\/div>\n\t\t\n\t\t<a class=\"elementor-post__read-more\" href=\"https:\/\/thomas-hazebrouck.com\/index.php\/photo-identite-dijon\/identite-club-photo-licences\/\" aria-label=\"En savoir plus sur identit\u00e9 club photo, licences\" tabindex=\"-1\" >\n\t\t\tLire la suite \u00bb\t\t<\/a>\n\n\t\t\t\t<\/div>\n\t\t\t\t<\/article>\n\t\t\t\t<article class=\"elementor-post elementor-grid-item post-3121 post type-post status-publish format-standard hentry category-photo-identite-dijon\" role=\"listitem\">\n\t\t\t\t<div class=\"elementor-post__text\">\n\t\t\t\t<h3 class=\"elementor-post__title\">\n\t\t\t<a href=\"https:\/\/thomas-hazebrouck.com\/index.php\/photo-identite-dijon\/identite-scolaire-photo-photo-ecole\/\" >\n\t\t\t\tidentit\u00e9 scolaire photo, photo \u00e9cole\t\t\t<\/a>\n\t\t<\/h3>\n\t\t\t\t<div class=\"elementor-post__excerpt\">\n\t\t\t\t\t<\/div>\n\t\t\n\t\t<a class=\"elementor-post__read-more\" href=\"https:\/\/thomas-hazebrouck.com\/index.php\/photo-identite-dijon\/identite-scolaire-photo-photo-ecole\/\" aria-label=\"En savoir plus sur identit\u00e9 scolaire photo, photo \u00e9cole\" tabindex=\"-1\" >\n\t\t\tLire la suite \u00bb\t\t<\/a>\n\n\t\t\t\t<\/div>\n\t\t\t\t<\/article>\n\t\t\t\t<\/div>\n\t\t\n\t\t\t\t\t\t<\/div>\n\t\t\t\t<\/div>\n\t\t\t\t\t<\/div>\n\t\t<\/div>\n\t\t\t\t\t<\/div>\n\t\t<\/section>\n\t\t\t\t<\/div>\n\t\t","protected":false},"excerpt":{"rendered":"<p>Photo Identit\u00e9 Dijon passeports, permis, carte identit\u00e9, cartes pro Photographe Dijon, studio photo Dijon agr\u00e9\u00e9 ANTS Prendre rendez-vous en cliquant ici ou au 03 80 38 22 24 01. Photographe identit\u00e9 Dijon Nous sommes homologu\u00e9s pour la photo d&rsquo;identit\u00e9 pour les papiers officiels : passeports, cartes d&rsquo;identit\u00e9, carte vitale, cartes d&rsquo;invalidit\u00e9, cartes professionnelles. Agr\u00e9\u00e9 , [&hellip;]<\/p>\n","protected":false},"author":1,"featured_media":783,"parent":0,"menu_order":0,"comment_status":"closed","ping_status":"closed","template":"elementor_header_footer","meta":{"footnotes":""},"class_list":["post-27","page","type-page","status-publish","has-post-thumbnail","hentry"],"jetpack_sharing_enabled":true,"_links":{"self":[{"href":"https:\/\/thomas-hazebrouck.com\/index.php\/wp-json\/wp\/v2\/pages\/27","targetHints":{"allow":["GET"]}}],"collection":[{"href":"https:\/\/thomas-hazebrouck.com\/index.php\/wp-json\/wp\/v2\/pages"}],"about":[{"href":"https:\/\/thomas-hazebrouck.com\/index.php\/wp-json\/wp\/v2\/types\/page"}],"author":[{"embeddable":true,"href":"https:\/\/thomas-hazebrouck.com\/index.php\/wp-json\/wp\/v2\/users\/1"}],"replies":[{"embeddable":true,"href":"https:\/\/thomas-hazebrouck.com\/index.php\/wp-json\/wp\/v2\/comments?post=27"}],"version-history":[{"count":143,"href":"https:\/\/thomas-hazebrouck.com\/index.php\/wp-json\/wp\/v2\/pages\/27\/revisions"}],"predecessor-version":[{"id":2513,"href":"https:\/\/thomas-hazebrouck.com\/index.php\/wp-json\/wp\/v2\/pages\/27\/revisions\/2513"}],"wp:featuredmedia":[{"embeddable":true,"href":"https:\/\/thomas-hazebrouck.com\/index.php\/wp-json\/wp\/v2\/media\/783"}],"wp:attachment":[{"href":"https:\/\/thomas-hazebrouck.com\/index.php\/wp-json\/wp\/v2\/media?parent=27"}],"curies":[{"name":"wp","href":"https:\/\/api.w.org\/{rel}","templated":true}]}}